{"id":18587,"date":"2025-01-17T13:21:54","date_gmt":"2025-01-17T12:21:54","guid":{"rendered":"https:\/\/peopleinred.com\/?page_id=18587"},"modified":"2025-01-22T09:57:13","modified_gmt":"2025-01-22T08:57:13","slug":"la-people-previ-2025","status":"publish","type":"page","link":"https:\/\/peopleinred.com\/ca\/la-people-previ-2025\/","title":{"rendered":"LA PEOPLE &#8211; previ 2025"},"content":{"rendered":"<div  class=\"one ppb_image_fullwidth\" style=\"display:none;padding:0px 0 0px 0;\" >\n<div class=\"one withbg\" style=\"background-image:url(https:\/\/peopleinred.com\/wp-content\/uploads\/2024\/06\/pir-24.jpg);background-size:cover;background-position:center center;height:600px;position:relative;\"><\/div>\n<\/div>\n<div  class=\"one withsmallpadding ppb_header \" style=\"font-size:18px;padding-bottom:40px !important;background-image: url(&quot;https:\/\/peopleinred.com\/wp-content\/uploads\/2024\/09\/estrella25.png&quot;);background-position: right center;background-repeat: no-repeat;text-align:center;padding:100px 0 100px 0;background-color:#000000;color:#ffffff;\" >\n<div class=\"standard_wrapper\">\n<div class=\"page_content_wrapper\">\n<div class=\"inner\">\n<div style=\"margin:auto;width:70%\">\n<div class=\"ppb_header_content\">\n<p><img decoding=\"async\" style=\"height: 250px; object-fit: contain;\" src=\"https:\/\/peopleinred.com\/wp-content\/uploads\/2024\/10\/LOGO-NEON-H-CA.png\" \/><\/p>\n<p>Aquest any estem de celebraci\u00f3. La People in Red Barcelona arriba a la seva <strong>quinzena edici\u00f3<\/strong>, amb un assoliment molt especial: la <strong>internacionalitzaci\u00f3<\/strong> de la Gala Solid\u00e0ria m\u00e9s important del pa\u00eds per recaptar fons per la recerca cient\u00edfica. Aquesta vegada se\u00a0 celebrar\u00e0 el <strong>dilluns 12 de maig del 2025<\/strong> a l\u2019emblem\u00e0tic <strong>Museu Nacional d\u2019Art de Catalunya<\/strong>.<\/p>\n<p>Enguany, com a novetat, la Gala Solid\u00e0ria compta amb el suport institucional de l\u2019Ajuntament de Barcelona, motiu pel qual s\u2019ha afegit la paraula Barcelona al seu nom i ha passat a anomenar-se <strong>Gala Solid\u00e0ria People in Red Barcelona<\/strong>. Aquesta nova sin\u00e8rgia remarca el comprom\u00eds entre esdeveniment i la ciutat, i contribueix a posicionar-nos com a referents internacionals.<\/p>\n<p>La Gala Solid\u00e0ria mant\u00e9 el seu objectiu: la recaptaci\u00f3 de fons per la recerca cient\u00edfica de la <a style=\"font-weight: bold; color: white;\" href=\"https:\/\/lluita.org\/\"><strong>Fundaci\u00f3 Lluita contra les Infeccions<\/strong><\/a>, presidida pel <strong>Dr. Bonaventura Clotet<\/strong>. A la Fundaci\u00f3 posem el focus en la import\u00e0ncia d\u2019avan\u00e7ar en investigaci\u00f3 com a eina \u00fanica per enfortir el sistema immunitari i curar-nos de totes les infeccions, que avui en dia s\u00f3n les causants de 3 de cada 4 morts al m\u00f3n.<\/p>\n<p>Les infeccions s\u00f3n un dels reptes del present i del futur de la ci\u00e8ncia i que han marcat la hist\u00f2ria de la humanitat. A dia d\u2019avui enfrontem desafiaments per la salut global com poden ser l\u2019aparici\u00f3 de pand\u00e8mies, la globalitzaci\u00f3, la resist\u00e8ncia als antibi\u00f2tics, el canvi clim\u00e0tic o desastres naturals, entre molts altres. Tots aquests fen\u00f2mens afavoreixen l\u2019aparici\u00f3 d\u2019infeccions, que nom\u00e9s frenarem amb m\u00e9s recerca d\u2019excel\u00b7l\u00e8ncia.<\/p>\n<p>La Gala Solid\u00e0ria People in Red Barcelona i totes les persones, empreses i organitzacions que li donen suport s\u00f3n essencials per recaptar el que anomenem diner llavor. Aquest diner llavor o <em>seed money,<\/em> \u00e9s l\u2019eina que ens permet engegar i desenvolupar projectes de recerca innovadors i pioners que ens posicionen com a referents cient\u00edfics internacionals.<\/p>\n<p>Tamb\u00e9 ens acompanyaran celebritats i influencers que contribuiran a fer de la Gala Solid\u00e0ria un esdeveniment de gran impacte medi\u00e0tic i una oportunitat per a les empreses a nivell de visibilitat de marca.<\/p>\n<\/div>\n<\/div>\n<\/div>\n<\/div>\n<\/div>\n<\/div>\n<div  class=\"one withsmallpadding ppb_header \" style=\"font-size:18px;padding-bottom:40px !important;text-align:center;padding:70px 0 70px 0;background-color:#000000;color:#ffffff;\" >\n<div class=\"standard_wrapper\">\n<div class=\"page_content_wrapper\">\n<div class=\"inner\">\n<div style=\"margin:auto;width:70%\">\n<div class=\"ppb_header_content\">\n<p style=\"text-align: center;\"><strong>L\u2019ESPECTACLE<\/strong><\/p>\n<p>L\u2019esdeveniment reunir\u00e0 en una mateixa vetllada la participaci\u00f3 d\u2019artistes i col\u00b7laboradors de renom nacional i internacional que faran gaudir a tots els assistents d\u2019una nit solid\u00e0ria plena d\u2019humor, m\u00fasica, gastronomia i sorpreses.<\/p>\n<\/div>\n<\/div>\n<\/div>\n<\/div>\n<\/div>\n<\/div>\n<div id=\"bloque_people\" class=\"one withsmallpadding ppb_text\" style=\"text-align: justify!important;font-size:18px;background-image: url(&quot;https:\/\/peopleinred.com\/wp-content\/uploads\/2024\/09\/estrella2-25.png&quot;);background-position: left center !important;background-repeat: no-repeat !important; padding: 135px 0px 85px !important;    margin-top: -120px;\/*background-image: url(&quot;https:\/\/peopleinred.com\/wp-content\/uploads\/2022\/02\/Estrelles_People02.png&quot;);background-position: left center;background-repeat: no-repeat;*\/text-align:left;padding:40px 0 40px 0;background-color:#000000;\" >\n<div class=\"standard_wrapper\">\n<div class=\"page_content_wrapper\">\n<div class=\"inner\">\n<div style=\"margin:auto;width:100%\">\n<div class=\"one_half \" style=\"\"><img decoding=\"async\" src=\"https:\/\/peopleinred.com\/wp-content\/uploads\/2025\/01\/silvia-andreu-1.jpg\" alt=\"Silvia Abril y Andreu Buenafuente\" width=\"100%\" \/><\/div>\n<div class=\"one_half last \" style=\"\">\n<p>L\u2019espectacle el conduiran els humoristes i presentadors <strong>S\u00edlvia Abril<\/strong> i<strong> Andreu Buenafuente<\/strong>. Amb gui\u00f3 de <strong>El Terrat (The Mediapro Studio)<\/strong>, la coneguda parella omplir\u00e0 l\u2019escenari de la Sala Oval i portar\u00e0 el fil conductor de la vetllada, sempre amb un toc d\u2019humor i mostrant la seva complicitat i qu\u00edmica que tenen tant dins com fora de l\u2019escenari.<\/p>\n<\/div>\n<p><br class=\"clear\"\/><\/p>\n<\/div>\n<\/div>\n<\/div>\n<\/div>\n<\/div>\n<div id=\"bloque_people-inverse\" class=\"one withsmallpadding ppb_text\" style=\"text-align: justify!important;text-align:left;padding:40px 0 40px 0;background-color:#000000;\" >\n<div class=\"standard_wrapper\">\n<div class=\"page_content_wrapper\">\n<div class=\"inner\">\n<div style=\"margin:auto;width:100%\">\n<div class=\"one_half \" style=\"\">\n<p style=\"font-size: 18px;\">A m\u00e9s, tornar\u00e0 la <strong>Fura dels Baus,<\/strong> la companyia teatral de renom internacional dirigida per Carlus Padrissa que, per segon any consecutiu, ens oferir\u00e0 una performance innovadora durant l\u2019aperitiu a l\u2019emblem\u00e0tica terrassa panor\u00e0mica del MNAC i que sense dubte ens impressionar\u00e0 a tots. La People in Red Barcelona podr\u00e0 acollir una de les seves m\u00e9s recents creacions art\u00edstiques: El F\u00e8nix i l\u2019ocell, espectacle que simbolitzar\u00e0 el ren\u00e9ixer de la nostra activitat: l&#8217;esperan\u00e7a de seguir en la recerca despr\u00e9s de 15 anys de People in Red Barcelona. Un acr\u00f2bata de la Fura dels Baus sobrevolar\u00e0 el cel de Barcelona mentres impressionar\u00e0, al mateix temps, amb una actuaci\u00f3 musical i representar\u00e0 el ren\u00e9ixer de la nostre recerca, cada cop m\u00e9s \u00e0mplia i cada cop amb m\u00e9s reptes.<\/p>\n<\/div>\n<div class=\"one_half last \" style=\"\"><img decoding=\"async\" src=\"https:\/\/peopleinred.com\/wp-content\/uploads\/2025\/01\/fura-dels-baus-3.jpg\" alt=\"Fura dels Baus\" width=\"100%\" \/><\/p>\n<\/div>\n<p><br class=\"clear\"\/><\/p>\n<\/div>\n<\/div>\n<\/div>\n<\/div>\n<\/div>\n<div  class=\"one withsmallpadding ppb_header \" style=\"font-size:18px;padding-bottom:40px !important;text-align:center;padding:70px 0 70px 0;background-color:#000000;color:#ffffff;\" >\n<div class=\"standard_wrapper\">\n<div class=\"page_content_wrapper\">\n<div class=\"inner\">\n<div style=\"margin:auto;width:70%\">\n<div class=\"ppb_header_content\">\n<p style=\"text-align: center;\"><strong>M\u00daSICA<\/strong><\/p>\n<p>Enguany la Gala Solid\u00e0ria pren una dimensi\u00f3 internacional perqu\u00e8 hi haur\u00e0 per primera vegada a la hist\u00f2ria un artista que vindr\u00e0 expressament dels Estats Units per col\u00b7laborar amb una actuaci\u00f3 \u00fanica: Rufus Wainwright, que tocar\u00e0 amb el seu piano els seus grans \u00e8xits.<\/p>\n<\/div>\n<\/div>\n<\/div>\n<\/div>\n<\/div>\n<\/div>\n<div id=\"bloque_people\" class=\"one withsmallpadding ppb_text\" style=\"text-align: justify!important;font-size:18px;\/*background-image: url(&quot;https:\/\/peopleinred.com\/wp-content\/uploads\/2022\/02\/Estrelles_People02.png&quot;);background-position: left center;background-repeat: no-repeat;*\/text-align:left;padding:40px 0 40px 0;background-color:#000000;\" >\n<div class=\"standard_wrapper\">\n<div class=\"page_content_wrapper\">\n<div class=\"inner\">\n<div style=\"margin:auto;width:100%\">\n<div class=\"one_half \" style=\"\"><img decoding=\"async\" src=\"https:\/\/peopleinred.com\/wp-content\/uploads\/2025\/01\/rufus-1.jpg\" alt=\"Rufus Wainwright\" width=\"100%\" \/><\/div>\n<div class=\"one_half last \" style=\"\">\n<p>Rufus Wainwright, l&#8217;aclamat cantautor, compositor i pianista d&#8217;origen canadenc-estatunidenc, \u00e9s reconegut pel seu estil \u00fanic que fusiona el pop-barroc, l&#8217;\u00f2pera i el folk.<\/p>\n<p>A m\u00e9s de la seva carrera com a cantautor, Wainwright ha explorat amb \u00e8xit altres g\u00e8neres art\u00edstics: ha compost \u00f2peres, ha col\u00b7laborat amb orquestres simf\u00f2niques de renom internacional i ha creat bandes sonores de pel\u00b7l\u00edcules. La seva capacitat per reinventar cl\u00e0ssics va quedar plasmada en la seva versi\u00f3 de\u00a0Hallelujah\u00a0de Leonard Cohen, entre moltes altres. Aix\u00ed mateix, \u00e9s conegut pel seu activisme en temes LGBTQ+ i per utilitzar el seu art com a plataforma per promoure la igualtat.<\/p>\n<\/div>\n<p><br class=\"clear\"\/><\/p>\n<\/div>\n<\/div>\n<\/div>\n<\/div>\n<\/div>\n<div id=\"bloque_people-inverse\" class=\"one withsmallpadding ppb_text\" style=\"text-align: justify!important;font-size:18px;text-align:left;padding:40px 0 40px 0;background-color:#000000;\" >\n<div class=\"standard_wrapper\">\n<div class=\"page_content_wrapper\">\n<div class=\"inner\">\n<div style=\"margin:auto;width:100%\">\n<div class=\"one_half \" style=\"\">\n<p>L\u2019espectacle tamb\u00e9 comptar\u00e0 amb una actuaci\u00f3 trencadora d\u2019una de les artistes nacionals m\u00e9s aclamades en l\u2019actualitat: <strong>Rigoberta Bandini<\/strong>.<\/p>\n<p>La cantant, compositora i escriptora, despr\u00e9s d\u2019haver guanyat popularitat amb el que ara s\u00f3n himnes musicals <em>Ay, Mam\u00e1<\/em> i <em>Perra<\/em>, s\u2019ha consolidat com una de les dones m\u00e9s reconegudes del panorama musical i destaca per la seva cr\u00edtica social i defensa del feminisme a trav\u00e9s de lletres que celebren la llibertat i la quotidianitat. Tamb\u00e9 \u00e9s coneguda pel seu estil aut\u00e8ntic, que combina elements de pop electr\u00f2nic i influ\u00e8ncies liter\u00e0ries.<\/p>\n<\/div>\n<div class=\"one_half last \" style=\"\"><img decoding=\"async\" src=\"https:\/\/peopleinred.com\/wp-content\/uploads\/2025\/01\/rigoberta-2.jpg\" alt=\"Rigoberta Bandini\" width=\"100%\" \/><\/p>\n<\/div>\n<p><br class=\"clear\"\/><\/p>\n<\/div>\n<\/div>\n<\/div>\n<\/div>\n<\/div>\n<div  class=\"one withsmallpadding ppb_header \" style=\"font-size:18px;padding-bottom:40px !important;text-align:center;padding:70px 0 70px 0;background-color:#000000;color:#ffffff;\" >\n<div class=\"standard_wrapper\">\n<div class=\"page_content_wrapper\">\n<div class=\"inner\">\n<div style=\"margin:auto;width:70%\">\n<div class=\"ppb_header_content\">\n<p>L\u2019after-party ser\u00e0 amenitzat pel <strong>DJ Fede Sard\u00e0<\/strong> i comptar\u00e0 amb els c\u00f2ctels d\u2019autor del premiat cocteler <strong>Manel Veh\u00ed, <\/strong>de <strong>Boia Nit Events<\/strong>.<\/p>\n<\/div>\n<\/div>\n<\/div>\n<\/div>\n<\/div>\n<\/div>\n<div  class=\"one withsmallpadding ppb_header \" style=\"background-image: url(&quot;https:\/\/peopleinred.com\/wp-content\/uploads\/2024\/09\/estrella2-25.png&quot;);background-position: left center !important;background-repeat: no-repeat !important; padding: 135px 0px 85px !important;    margin-top: -120px;text-align:center;padding:70px 0 70px 0;background-color:#000000;color:#ffffff;\" >\n<div class=\"standard_wrapper\">\n<div class=\"page_content_wrapper\">\n<div class=\"inner\">\n<div style=\"margin:auto;width:70%\"><\/div>\n<\/div>\n<\/div>\n<\/div>\n<\/div>\n<div  class=\"one withsmallpadding ppb_header \" style=\"font-size:18px;padding-bottom:40px !important;text-align:center;padding:70px 0 70px 0;background-color:#000000;color:#ffffff;\" >\n<div class=\"standard_wrapper\">\n<div class=\"page_content_wrapper\">\n<div class=\"inner\">\n<div style=\"margin:auto;width:70%\">\n<div class=\"ppb_header_content\">\n<p style=\"text-align: center;\"><strong>GASTRONOMIA<\/strong><\/p>\n<\/div>\n<\/div>\n<\/div>\n<\/div>\n<\/div>\n<\/div>\n<div id=\"bloque_people\" class=\"one withsmallpadding ppb_text\" style=\"text-align: justify!important;font-size:18px;background-image: url(&quot;https:\/\/peopleinred.com\/wp-content\/uploads\/2024\/09\/estrella2-25.png&quot;);background-position: left center !important;background-repeat: no-repeat !important; padding: 135px 0px 85px !important;    margin-top: -120px;\/*background-image: url(&quot;https:\/\/peopleinred.com\/wp-content\/uploads\/2022\/02\/Estrelles_People02.png&quot;);background-position: left center;background-repeat: no-repeat;*\/text-align:left;padding:40px 0 40px 0;background-color:#000000;\" >\n<div class=\"standard_wrapper\">\n<div class=\"page_content_wrapper\">\n<div class=\"inner\">\n<div style=\"margin:auto;width:100%\">\n<div class=\"one_half \" style=\"\"><img decoding=\"async\" src=\"https:\/\/peopleinred.com\/wp-content\/uploads\/2025\/01\/nandu-2.jpg\" alt=\"Nandu Jubany\" width=\"100%\" \/><\/div>\n<div class=\"one_half last \" style=\"\">\n<p>Tot aquest espectacle anir\u00e0 acompanyat d\u2019una experi\u00e8ncia gastron\u00f2mica inoblidable. El reconegut xef catal\u00e0 <strong>Nandu Jubany<\/strong>, juntament amb l\u2019equip de Jubany Events, s\u2019encarregar\u00e0 d\u2019oferir-nos un any m\u00e9s un sopar d\u2019estrella Michelin.<\/p>\n<p>El medi\u00e0tic xef \u00e9s c\u00f2mplice incondicional de la Fundaci\u00f3 i ja ser\u00e0 l\u20198\u00e8 any que ofereix als assistents el seu segell culinari d\u2019excel\u00b7l\u00e8ncia que combina tradici\u00f3 i modernitat, amb producte de temporada de la millor qualitat i proximitat.<\/p>\n<p>Jubany compta amb una estrella Michelin des de l\u2019any 1998 amb el seu restaurant Can Jubany, a Calldetenes. A m\u00e9s, ha expandit la seva gastronomia amb restaurants a Barcelona, Formentera, Andorra i Singapur i a molts m\u00e9s projectes gastron\u00f2mics.<\/p>\n<\/div>\n<p><br class=\"clear\"\/><\/p>\n<\/div>\n<\/div>\n<\/div>\n<\/div>\n<\/div>\n<div  class=\"one withsmallpadding ppb_header \" style=\"font-size:18px;text-align:center;padding:70px 0 70px 0;background-color:#000000;color:#ffffff;\" >\n<div class=\"standard_wrapper\">\n<div class=\"page_content_wrapper\">\n<div class=\"inner\">\n<div style=\"margin:auto;width:70%\">\n<div class=\"ppb_header_content\">\n<p style=\"text-align: center;\"><strong>ELS AMBAIXADORS<\/strong><\/p>\n<p>Enguany la People in Red Barcelona comptar\u00e0 amb dos ambaixadors d\u2019honor: la <strong>Martina Klein<\/strong> i l\u2019<strong>\u00c0lex Corretja<\/strong>.<\/p>\n<p>Klein i Corretja, que des de 2010 formen una parella medi\u00e0tica molt coneguda i han assistit a la Gala Solid\u00e0ria des dels seus inicis, ara donen un pas m\u00e9s enll\u00e0 en el seu comprom\u00eds amb la recerca cient\u00edfica i representen la nostra causa per fer-la m\u00e9s global, visible i contribuir a l\u2019augment de la recaptaci\u00f3 de fons per la Fundaci\u00f3 Lluita contra les Infeccions.<\/p>\n<\/div>\n<\/div>\n<\/div>\n<\/div>\n<\/div>\n<\/div>\n<div id=\"bloque_people\" class=\"one withsmallpadding ppb_text\" style=\"text-align: justify !important;font-size:18px;padding-bottom:90px !important;background-image: url(&quot;https:\/\/peopleinred.com\/wp-content\/uploads\/2024\/09\/estrella25.png&quot;);background-position: right bottom;background-repeat: no-repeat;text-align:left;padding:40px 0 40px 0;background-color:#000000;\" >\n<div class=\"standard_wrapper\">\n<div class=\"page_content_wrapper\">\n<div class=\"inner\">\n<div style=\"margin:auto;width:100%\">\n<div class=\"one_half \" style=\"\"><img decoding=\"async\" src=\"https:\/\/peopleinred.com\/wp-content\/uploads\/2025\/01\/martina-alex-2.jpg\" alt=\"Martina Klein i \u00c0lex Corretja. \" width=\"100%\" \/><\/div>\n<div class=\"one_half last \" style=\"\">\n<p><strong>Martina Klein<\/strong>, model i actriu disposa d\u2019una destacada traject\u00f2ria en el m\u00f3n de la moda, ha treballat per a firmes internacionals i s&#8217;ha consolidat com a presentadora i escriptora.<\/p>\n<p><strong>\u00c0lex Corretja<\/strong>\u00a0\u00e9s un extennista professional catal\u00e0 que va arribar a ser n\u00famero 2 del r\u00e0nquing mundial de l&#8217;ATP. Guanyador de dues Copes Masters i finalista a Roland Garros en dues ocasions, actualment, \u00e9s comentarista esportiu i col\u00b7labora en iniciatives vinculades a l&#8217;esport i la salut.<\/p>\n<p>La model i el tenista han escollit la nostra Gala Solid\u00e0ria per a fer la seva primera acci\u00f3 professional com a parella.<\/p>\n<\/div>\n<p><br class=\"clear\"\/><\/p>\n<\/div>\n<\/div>\n<\/div>\n<\/div>\n<\/div>\n<div class=\"standard_wrapper\">\n<div  class=\"ppb_three_cols_images one\" style=\"padding:20px 0 20px 0;\" >\n<div class=\"page_content_wrapper\">\n<div class=\"inner\">\n<div class=\"one_third\">\n<div class=\"image_classic_frame expand\">\n<div class=\"image_wrapper\"><a href=\"https:\/\/peopleinred.com\/wp-content\/uploads\/2024\/06\/GIL27582.jpg\" class=\"img_frame\"><img decoding=\"async\" src=\"https:\/\/peopleinred.com\/wp-content\/uploads\/2024\/06\/GIL27582.jpg\" alt=\"\" class=\"portfolio_img\"\/><\/a><\/div>\n<\/div>\n<\/div>\n<div class=\"one_third\">\n<div class=\"image_classic_frame expand\">\n<div class=\"image_wrapper\"><a href=\"https:\/\/peopleinred.com\/wp-content\/uploads\/2024\/06\/2GIL27596.jpg\" class=\"img_frame\"><img decoding=\"async\" src=\"https:\/\/peopleinred.com\/wp-content\/uploads\/2024\/06\/2GIL27596.jpg\" alt=\"\" class=\"portfolio_img\"\/><\/a><\/div>\n<\/div>\n<\/div>\n<div class=\"one_third last\">\n<div class=\"image_classic_frame\">\n<div class=\"image_wrapper\"><a href=\"https:\/\/peopleinred.com\/wp-content\/uploads\/2024\/06\/GIL27336.jpg\" class=\"img_frame\"><img decoding=\"async\" src=\"https:\/\/peopleinred.com\/wp-content\/uploads\/2024\/06\/GIL27336.jpg\" alt=\"\" class=\"portfolio_img\"\/><\/a><\/div>\n<\/div>\n<\/div>\n<\/div>\n<\/div>\n<\/div>\n<\/div>\n<div class=\"standard_wrapper\">\n<div  class=\"ppb_three_cols_images one\" style=\"padding:20px 0 20px 0;\" >\n<div class=\"page_content_wrapper\">\n<div class=\"inner\">\n<div class=\"one_third\">\n<div class=\"image_classic_frame expand\">\n<div class=\"image_wrapper\"><a href=\"https:\/\/peopleinred.com\/wp-content\/uploads\/2024\/06\/IMG_3327.jpg\" class=\"img_frame\"><img decoding=\"async\" src=\"https:\/\/peopleinred.com\/wp-content\/uploads\/2024\/06\/IMG_3327.jpg\" alt=\"\" class=\"portfolio_img\"\/><\/a><\/div>\n<\/div>\n<\/div>\n<div class=\"one_third\">\n<div class=\"image_classic_frame expand\">\n<div class=\"image_wrapper\"><a href=\"https:\/\/peopleinred.com\/wp-content\/uploads\/2024\/06\/1GIL27596.jpg\" class=\"img_frame\"><img decoding=\"async\" src=\"https:\/\/peopleinred.com\/wp-content\/uploads\/2024\/06\/1GIL27596.jpg\" alt=\"\" class=\"portfolio_img\"\/><\/a><\/div>\n<\/div>\n<\/div>\n<div class=\"one_third last\">\n<div class=\"image_classic_frame\">\n<div class=\"image_wrapper\"><a href=\"https:\/\/peopleinred.com\/wp-content\/uploads\/2024\/06\/3230.jpg\" class=\"img_frame\"><img decoding=\"async\" src=\"https:\/\/peopleinred.com\/wp-content\/uploads\/2024\/06\/3230.jpg\" alt=\"\" class=\"portfolio_img\"\/><\/a><\/div>\n<\/div>\n<\/div>\n<\/div>\n<\/div>\n<\/div>\n<\/div>\n<div class=\"standard_wrapper\">\n<div  class=\"ppb_three_cols_images one\" style=\"padding:20px 0 20px 0;\" >\n<div class=\"page_content_wrapper\">\n<div class=\"inner\">\n<div class=\"one_third\">\n<div class=\"image_classic_frame expand\">\n<div class=\"image_wrapper\"><a href=\"https:\/\/peopleinred.com\/wp-content\/uploads\/2024\/06\/GIL27228.jpg\" class=\"img_frame\"><img decoding=\"async\" src=\"https:\/\/peopleinred.com\/wp-content\/uploads\/2024\/06\/GIL27228.jpg\" alt=\"\" class=\"portfolio_img\"\/><\/a><\/div>\n<\/div>\n<\/div>\n<div class=\"one_third\">\n<div class=\"image_classic_frame expand\">\n<div class=\"image_wrapper\"><a href=\"https:\/\/peopleinred.com\/wp-content\/uploads\/2024\/06\/GILS6730.jpg\" class=\"img_frame\"><img decoding=\"async\" src=\"https:\/\/peopleinred.com\/wp-content\/uploads\/2024\/06\/GILS6730.jpg\" alt=\"\" class=\"portfolio_img\"\/><\/a><\/div>\n<\/div>\n<\/div>\n<div class=\"one_third last\">\n<div class=\"image_classic_frame\">\n<div class=\"image_wrapper\"><a href=\"https:\/\/peopleinred.com\/wp-content\/uploads\/2024\/06\/GILS7251.jpg\" class=\"img_frame\"><img decoding=\"async\" src=\"https:\/\/peopleinred.com\/wp-content\/uploads\/2024\/06\/GILS7251.jpg\" alt=\"\" class=\"portfolio_img\"\/><\/a><\/div>\n<\/div>\n<\/div>\n<\/div>\n<\/div>\n<\/div>\n<\/div>\n<div  class=\"one withsmallpadding ppb_text\" style=\"text-align:left;padding:40px 0 40px 0;margin-top:40px;\" >\n<div class=\"standard_wrapper\">\n<div class=\"page_content_wrapper\">\n<div class=\"inner\">\n<div style=\"margin:auto;width:100%\"><\/div>\n<\/div>\n<\/div>\n<\/div>\n<\/div>\n<div  class=\"one withsmallpadding ppb_content_half_bg withbg parallax \" style=\"background-image:url(https:\/\/peopleinred.com\/wp-content\/uploads\/2025\/01\/rifa-solidaria24.jpg);background-position: center top;padding:150px 0 150px 0;\" >\n<div class=\"standard_wrapper\">\n<div class=\"page_content_wrapper\">\n<div class=\"inner\">\n<div class=\"one_half_bg\" style=\"background:#d20031;background:rgb(210,0,49,1);background:rgba(210,0,49,1);\" data-stellar-ratio=\"1.3\">\n<h2 class=\"ppb_title\" style=\"color:#ffffff;\">RIFA SOLID\u00c0RIA<\/h2>\n<div class=\"ppb_header_content\">\n<p><span lang=\"es-ES-u-co-trad\" style=\"color:#ffffff;\">Els assitents a la Gala podran participar en una rifa solid\u00e0ria, en la qual es sortejaran productes cedits per les marques col\u00b7laboradores. La recaptaci\u00f3 es sumar\u00e0 al marcador final.<\/span><\/p>\n<\/div>\n<\/div>\n<\/div>\n<\/div>\n<\/div>\n<\/div>\n","protected":false},"excerpt":{"rendered":"<p>Aquest any estem de celebraci\u00f3. La People in Red Barcelona arriba a la seva quinzena edici\u00f3, amb un assoliment molt especial: la internacionalitzaci\u00f3 de la Gala Solid\u00e0ria m\u00e9s important del pa\u00eds per recaptar fons per la recerca cient\u00edfica. Aquesta vegada [&hellip;]<\/p>\n","protected":false},"author":2,"featured_media":0,"parent":0,"menu_order":0,"comment_status":"closed","ping_status":"closed","template":"","meta":{"_joinchat":[],"footnotes":""},"class_list":["post-18587","page","type-page","status-publish","hentry"],"_links":{"self":[{"href":"https:\/\/peopleinred.com\/ca\/wp-json\/wp\/v2\/pages\/18587","targetHints":{"allow":["GET"]}}],"collection":[{"href":"https:\/\/peopleinred.com\/ca\/wp-json\/wp\/v2\/pages"}],"about":[{"href":"https:\/\/peopleinred.com\/ca\/wp-json\/wp\/v2\/types\/page"}],"author":[{"embeddable":true,"href":"https:\/\/peopleinred.com\/ca\/wp-json\/wp\/v2\/users\/2"}],"replies":[{"embeddable":true,"href":"https:\/\/peopleinred.com\/ca\/wp-json\/wp\/v2\/comments?post=18587"}],"version-history":[{"count":38,"href":"https:\/\/peopleinred.com\/ca\/wp-json\/wp\/v2\/pages\/18587\/revisions"}],"predecessor-version":[{"id":18738,"href":"https:\/\/peopleinred.com\/ca\/wp-json\/wp\/v2\/pages\/18587\/revisions\/18738"}],"wp:attachment":[{"href":"https:\/\/peopleinred.com\/ca\/wp-json\/wp\/v2\/media?parent=18587"}],"curies":[{"name":"wp","href":"https:\/\/api.w.org\/{rel}","templated":true}]}}