{"id":8037,"date":"2022-02-22T11:33:11","date_gmt":"2022-02-22T11:33:11","guid":{"rendered":"https:\/\/peopleinred.com\/destino-fondos\/"},"modified":"2026-03-18T09:13:51","modified_gmt":"2026-03-18T08:13:51","slug":"desti-dels-fons","status":"publish","type":"page","link":"https:\/\/peopleinred.com\/ca\/desti-dels-fons\/","title":{"rendered":"DEST\u00cd DELS FONS"},"content":{"rendered":"<div  class=\"one withsmallpadding ppb_text\" style=\"\/*background-image: url(&quot;https:\/\/peopleinred.com\/wp-content\/uploads\/2024\/09\/estrella2-25.png&quot;);background-position: right center !important;background-repeat: no-repeat !important; *\/padding: 135px 0px 85px !important;text-align:left;padding:40px 0 40px 0;\" >\n<div class=\"standard_wrapper\">\n<div class=\"page_content_wrapper\">\n<div class=\"inner\">\n<div style=\"margin:auto;width:100%\">\n<div class=\"one_half \" style=\"\"><img decoding=\"async\" src=\"https:\/\/peopleinred.com\/wp-content\/uploads\/2024\/01\/clotet-paredes.jpg\" alt=\"Dr. Bonaventura Clotet\" width=\"100%\" \/><\/p>\n<\/div>\n<div class=\"one_half last \" style=\"\">\n<p>Benvolguts i benvolgudes,<\/p>\n<p>Un any m\u00e9s, em dirigeixo a totes les persones que feu possible la Gala Solid\u00e0ria People in Red Barcelona i que compartiu amb nosaltres el comprom\u00eds amb la recerca en les malalties infeccioses. En un context global marcat per nous reptes sanitaris, les infeccions continuen sent una amena\u00e7a real i persistent. De fet, actualment, una de cada cinc morts al m\u00f3n es deu a les infeccions. Afrontar-les, per tant, exigeix coneixement, col\u00b7laboraci\u00f3 i determinaci\u00f3.<\/p>\n<p>A la Fundaci\u00f3 Lluita contra les Infeccions, fa m\u00e9s de trenta anys que treballem amb una missi\u00f3 clara: oferir oportunitats reals a les persones amb malalties infeccioses mitjan\u00e7ant una recerca cl\u00ednica innovadora i, alhora, compartir el coneixement generat tant amb la comunitat cient\u00edfica com amb la societat.<\/p>\n<p>Gr\u00e0cies a l\u2019esfor\u00e7 constant dels nostres equips i a la confian\u00e7a de totes les persones que ens doneu suport, hem pogut avan\u00e7ar de manera significativa en la comprensi\u00f3 i el tractament de les malalties infeccioses. Actualment, continuem treballant en sis grans \u00e0rees: VIH; infeccions respirat\u00f2ries emergents; infeccions de transmissi\u00f3 sexual; salut internacional i malalties oblidades; infeccions bacterianes greus; i infeccions en persones immunocompromeses.<\/p>\n<p>Mirant enrere, podem estar orgullosos del cam\u00ed recorregut. Mirant endavant, som plenament conscients que els reptes no s\u2019aturen: les noves infeccions; la necessitat d\u2019avan\u00e7ar en la recerca translacional; la cura i la millora de la qualitat de vida de les persones que conviuen amb infeccions; i el paper crucial de la prevenci\u00f3 i la detecci\u00f3 preco\u00e7 s\u00f3n nom\u00e9s alguns dels fronts en qu\u00e8 continuarem treballant amb determinaci\u00f3.<\/p>\n<p>Avui, m\u00e9s que mai, sabem qu\u00e8 significa afrontar una pand\u00e8mia mundial. Per aix\u00f2, mantenim el nostre comprom\u00eds de posar tot el coneixement, l\u2019experi\u00e8ncia i la capacitat d\u2019innovaci\u00f3 al servei de la prevenci\u00f3 i la preparaci\u00f3 davant futures crisis sanit\u00e0ries, treballant en xarxa amb institucions i organitzacions d\u2019arreu del m\u00f3n.<\/p>\n<p>En nom de tota la Fundaci\u00f3 Lluita contra les Infeccions, vull expressar el meu agra\u00efment m\u00e9s sincer a totes les persones, empreses i entitats que feu possible la Gala Solid\u00e0ria People in Red Barcelona, que enguany celebra la seva 16a edici\u00f3. Junts, continuem avan\u00e7ant en la lluita contra les infeccions i contribuint a protegir el futur.<\/p>\n<p>Amb tota la meva consideraci\u00f3 i gratitud,<\/p>\n<p><strong>Dr. Bonaventura Clotet<\/strong><\/p>\n<p><img decoding=\"async\" src=\"https:\/\/peopleinred.com\/wp-content\/uploads\/2023\/01\/firmapngBL.png\" alt=\"Firma\" \/>\n<\/div>\n<p><br class=\"clear\"\/><\/p>\n<\/div>\n<\/div>\n<\/div>\n<\/div>\n<\/div>\n<div  class=\"one withsmallpadding ppb_text\" style=\"text-align:center;padding:40px 0 40px 0;\" >\n<div class=\"standard_wrapper\">\n<div class=\"page_content_wrapper\">\n<div class=\"inner\">\n<div style=\"margin:auto;width:60%\">\n<p>El risc de noves pand\u00e8mies \u00e9s una amena\u00e7a per a la salut i l\u2019estabilitat econ\u00f2mica mundial. Per aix\u00f2, des de la Fundaci\u00f3, abordem els principals reptes que suposen les malalties infeccioses agrupats des de sis grans \u00e0rees de coneixement.<\/p>\n<\/div>\n<\/div>\n<\/div>\n<\/div>\n<\/div>\n<div  class=\"one withsmallpadding ppb_header \" style=\"text-align:center;padding:0px 0 0px 0;color:#000000;\" >\n<div class=\"standard_wrapper\">\n<div class=\"page_content_wrapper\">\n<div class=\"inner\">\n<div style=\"margin:auto;width:60%\">\n<h2 class=\"ppb_title\" style=\";text-align:center;\">LA NOSTRA RECERCA <\/h2>\n<div class=\"ppb_header_content\">\n<p>Des de la Fundaci\u00f3 hem aconseguit convertir-nos en una entitat de refer\u00e8ncia gr\u00e0cies a la nostra aposta per la <strong>recerca disruptiva i el nostre enfocament hum\u00e0<\/strong> amb projectes que han canviat i salvat vides.<\/p>\n<\/div>\n<\/div>\n<\/div>\n<\/div>\n<\/div>\n<\/div>\n<div class=\"divider one\">&nbsp;<\/div>\n<div  class=\"one withsmallpadding ppb_text\" style=\"\/*background-image: url(&quot;https:\/\/peopleinred.com\/wp-content\/uploads\/2024\/09\/estrella25.png&quot;);background-position: left center !important;background-repeat: no-repeat !important;*\/text-align:left;padding:40px 0 40px 0;\" >\n<div class=\"standard_wrapper\">\n<div class=\"page_content_wrapper\">\n<div class=\"inner\">\n<div style=\"margin:auto;width:100%\">\n<div class=\"one_half \" style=\"\"><img loading=\"lazy\" decoding=\"async\" class=\"alignnone size-full wp-image-3830\" src=\"https:\/\/peopleinred.com\/wp-content\/uploads\/2026\/03\/desti-fons-01.jpg\" alt=\"\" width=\"624\" height=\"416\" \/>\n<\/div>\n<div class=\"one_half last \" style=\"\"><img loading=\"lazy\" decoding=\"async\" class=\"alignnone size-full wp-image-3842\" src=\"https:\/\/peopleinred.com\/wp-content\/uploads\/2024\/01\/its_optim.jpg\" alt=\"\" width=\"624\" height=\"416\" \/>\n<\/div>\n<p><br class=\"clear\"\/><\/p>\n<\/div>\n<\/div>\n<\/div>\n<\/div>\n<\/div>\n<div  class=\"one withsmallpadding ppb_text\" style=\"text-align:left;padding:40px 0 40px 0;\" >\n<div class=\"standard_wrapper\">\n<div class=\"page_content_wrapper\">\n<div class=\"inner\">\n<div style=\"margin:auto;width:100%\">\n<div class=\"one_half \" style=\"\">\n<p><span style=\"font-size: 14pt;\"><strong>VIH <\/strong><br \/> Tenim com a objectiu posar fi a la infecci\u00f3  per VIH i curar als pacients. Fins que aix\u00f2 no sigui possible, treballem per oferir millors tractaments i evitar les complicacions f\u00edsiques, per\u00f2 tamb\u00e9 psicoemocionals . Tamb\u00e9  implementem estrat\u00e8gies de prevenci\u00f3 basades en el tractament preexposici\u00f3, conegut com a PrEP.<br \/>\n<\/span>\n<\/div>\n<div class=\"one_half last \" style=\"\">\n<p><span style=\"font-size: 14pt;\"><strong>Infeccions respiratories emergents<\/strong><br \/> Treballem per prevenir la COVID-19, evitar-ne la  progressi\u00f3 i disminuir la mortalitat. Tamb\u00e9 ens  centrem en l\u2019estudi de la covid persistent per trobar-ne les causes i identificar tractaments efectius.<br \/>\n<\/span>\n<\/div>\n<p><br class=\"clear\"\/><\/p>\n<\/div>\n<\/div>\n<\/div>\n<\/div>\n<\/div>\n<div  class=\"one withsmallpadding ppb_text\" style=\"text-align:left;padding:40px 0 40px 0;\" >\n<div class=\"standard_wrapper\">\n<div class=\"page_content_wrapper\">\n<div class=\"inner\">\n<div style=\"margin:auto;width:100%\">\n<div class=\"one_half \" style=\"\">\n<p><span style=\"font-size: 14pt;\"><strong>Salut internacional i malalties oblidades<\/strong><br \/>La nostra tasca se centra a prevenir, diagnosticar i tractar les infeccions relacionades amb la globalitzaci\u00f3, tant les que afecten viatgers com a la poblaci\u00f3 migrant. Tamb\u00e9 col\u00b7laborem amb pa\u00efsos end\u00e8mics abordant malalties negligides.<br \/>\n<\/span>\n<\/div>\n<div class=\"one_half last \" style=\"\">\n<p><span style=\"font-size: 14pt;\"><strong>Infeccions de Transmissi\u00f3 Sexual (ITS)<\/strong><br \/>Posem el focus en l\u2019estudi d\u2019estrat\u00e8gies preventives que evitin noves infeccions i busquem millors tractaments, cercant nous f\u00e0rmacs o utilitzant-ne de ja existents.<\/span>\n<\/div>\n<p><br class=\"clear\"\/><\/p>\n<\/div>\n<\/div>\n<\/div>\n<\/div>\n<\/div>\n<div  class=\"one withsmallpadding ppb_text\" style=\"text-align:left;padding:40px 0 40px 0;\" >\n<div class=\"standard_wrapper\">\n<div class=\"page_content_wrapper\">\n<div class=\"inner\">\n<div style=\"margin:auto;width:100%\">\n<div class=\"one_half \" style=\"\">\n<p><span style=\"font-size: 14pt;\"><strong>Infeccions en pacients immunodeprimits  <\/strong><br \/>Volem reduir les complicacions i la mortalitat per infeccions greus en els pacients immunodeprimits, aquells que tenen el sistema immunitari feble i, per tant, compten amb menys defenses per a combatre infeccions i malalties. Sigui per gen\u00e8tica, alguna malaltia, trasplantaments, entre d\u2019altres.<br \/>\n<\/span>\n<\/div>\n<div class=\"one_half last \" style=\"\">\n<p><span style=\"font-size: 14pt;\"><strong>Infeccions bacterianes greus<\/strong><br \/>Lluitem contra les infeccions bacterianes que causen una elevada mortalitat i complicacions cl\u00edniques greus. Posem especial atenci\u00f3 als g\u00e8rmens resistents, als antibi\u00f2tics i a l\u2019estudi de les infeccions que tenen el seu origen a l\u2019ambient i al regne animal (One Health).<br \/>\n<\/span>\n<\/div>\n<p><br class=\"clear\"\/><\/p>\n<\/div>\n<\/div>\n<\/div>\n<\/div>\n<\/div>\n<div  class=\"one withsmallpadding ppb_text\" style=\"text-align:left;padding:40px 0 40px 0;\" >\n<div class=\"standard_wrapper\">\n<div class=\"page_content_wrapper\">\n<div class=\"inner\">\n<div style=\"margin:auto;width:100%\">\n<div class=\"one_half \" style=\"\">\n<p><span style=\"font-size: 14pt;\"><strong>Malalties neurodegeneratives<\/strong><br \/>La dem\u00e8ncia, que \u00e9s el resultat de diverses malalties i lesions que afecten al cervell, representa la setena causa de defunci\u00f3 al m\u00f3n, i cada any es diagnostiquen 10 milions de nous casos.<br \/>\nLa dem\u00e8ncia m\u00e9s com\u00fa \u00e9s l&#8217;Alzheimer, que pot representar entre un 60 i un 70% dels casos. L&#8217;equip investigador treballa per avaluar l&#8217;efic\u00e0cia dels f\u00e0rmacs contra aquesta malaltia neurodegenerativa, aix\u00ed com per desenvolupar nous tractaments.<br \/>\n<\/span>\n<\/div>\n<div class=\"one_half last \" style=\"\">\n<p><span style=\"font-size: 14pt;\"><strong>C\u00e0ncer<\/strong><br \/>El c\u00e0ncer causa milions de morts anualment, posicionant-se com a segona causa de mortalitat al m\u00f3n. L&#8217;\u00e0mplia experi\u00e8ncia en el sistema immunitari ens permet dissenyar noves ter\u00e0pies per fer front a aquesta malaltia i treballar pe aportar solucions a les persones que la pateixen.<br \/>\n<\/span>\n<\/div>\n<p><br class=\"clear\"\/><\/p>\n<\/div>\n<\/div>\n<\/div>\n<\/div>\n<\/div>\n","protected":false},"excerpt":{"rendered":"<p>Benvolguts i benvolgudes, Un any m\u00e9s, em dirigeixo a totes les persones que feu possible la Gala Solid\u00e0ria People in Red Barcelona i que compartiu amb nosaltres el comprom\u00eds amb la recerca en les malalties infeccioses. En un context global [&hellip;]<\/p>\n","protected":false},"author":2,"featured_media":2810,"parent":0,"menu_order":0,"comment_status":"closed","ping_status":"closed","template":"","meta":{"_joinchat":[],"footnotes":""},"class_list":["post-8037","page","type-page","status-publish","has-post-thumbnail","hentry"],"_links":{"self":[{"href":"https:\/\/peopleinred.com\/ca\/wp-json\/wp\/v2\/pages\/8037","targetHints":{"allow":["GET"]}}],"collection":[{"href":"https:\/\/peopleinred.com\/ca\/wp-json\/wp\/v2\/pages"}],"about":[{"href":"https:\/\/peopleinred.com\/ca\/wp-json\/wp\/v2\/types\/page"}],"author":[{"embeddable":true,"href":"https:\/\/peopleinred.com\/ca\/wp-json\/wp\/v2\/users\/2"}],"replies":[{"embeddable":true,"href":"https:\/\/peopleinred.com\/ca\/wp-json\/wp\/v2\/comments?post=8037"}],"version-history":[{"count":45,"href":"https:\/\/peopleinred.com\/ca\/wp-json\/wp\/v2\/pages\/8037\/revisions"}],"predecessor-version":[{"id":20220,"href":"https:\/\/peopleinred.com\/ca\/wp-json\/wp\/v2\/pages\/8037\/revisions\/20220"}],"wp:featuredmedia":[{"embeddable":true,"href":"https:\/\/peopleinred.com\/ca\/wp-json\/wp\/v2\/media\/2810"}],"wp:attachment":[{"href":"https:\/\/peopleinred.com\/ca\/wp-json\/wp\/v2\/media?parent=8037"}],"curies":[{"name":"wp","href":"https:\/\/api.w.org\/{rel}","templated":true}]}}